{"id":4323,"date":"2025-08-19T15:18:02","date_gmt":"2025-08-19T13:18:02","guid":{"rendered":"http:\/\/wordpress.p703600.webspaceconfig.de\/?post_type=event&#038;p=4323"},"modified":"2025-11-20T13:38:57","modified_gmt":"2025-11-20T12:38:57","slug":"bmc-control-m-day-geneve","status":"publish","type":"event","link":"https:\/\/itconcepts.ch\/fr\/event\/bmc-control-m-day-geneve\/","title":{"rendered":"BMC Control-M Day Gen\u00e8ve"},"content":{"rendered":"\n<h2 class=\"wp-block-heading is-style-heading-like-h1\" id=\"h-seminaire-expert-control-m-inscrivez-vous-des-maintenant-et-participez\"><strong>S\u00e9minaire Expert Control-M \u2013 Inscrivez-vous d\u00e8s maintenant et participez ! \ud83d\ude80<\/strong><\/h2>\n\n\n\n<p>ITConcepts et BMC Software ont le plaisir de vous inviter \u00e0 la 15\u1d49 \u00e9dition de notre s\u00e9minaire exclusif Control-M !<br>Le 27 novembre 2025, nous vous accueillerons \u00e0 Gen\u00e8ve pour votre mise \u00e0 jour annuelle sur les toutes derni\u00e8res fonctionnalit\u00e9s de BMC Control-M version 22 \u2013 y compris le tout nouveau conseiller SaaS innovant bas\u00e9 sur l\u2019IA g\u00e9n\u00e9rative \u00ab Jett \u00bb.<\/p>\n\n\n\n<p>Profitez d\u2019aper\u00e7us passionnants, d\u2019exemples pratiques concrets et de conseils exclusifs de nos experts pour porter l\u2019orchestration de vos workflows dans des environnements hybrides, multi-cloud et SaaS \u00e0 un niveau sup\u00e9rieur.<\/p>\n\n\n\n<div class=\"wp-block-buttons is-content-justification-left is-layout-flex wp-container-core-buttons-is-layout-fdcfc74e wp-block-buttons-is-layout-flex\">\n<div class=\"wp-block-button\"><a class=\"wp-block-button__link wp-element-button\" href=\"http:\/\/itconcepts.ch\/fr\/event\/bmc-control-m-day-geneve\/#form\">Formulaire d&rsquo;inscription<\/a><\/div>\n<\/div>\n\n\n\n<h3 class=\"wp-block-heading\" id=\"h-vos-avantages-en-un-coup-d-oeil\">Vos avantages en un coup d\u2019\u0153il<\/h3>\n\n\n\n<ul class=\"wp-block-list\">\n<li><strong>Contact direct avec les experts<\/strong> : b\u00e9n\u00e9ficiez d\u2019analyses pr\u00e9cieuses et de conseils pratiques de nos sp\u00e9cialistes Control-M.<\/li>\n\n\n\n<li><strong>Pratique &amp; interactif<\/strong> : apprenez gr\u00e2ce \u00e0 des cas d\u2019usage r\u00e9els comment optimiser vos workflows et acc\u00e9l\u00e9rer les migrations vers le cloud.<\/li>\n\n\n\n<li><strong>Networking<\/strong> : \u00e9changez avec des confr\u00e8res du secteur, des clients et des prospects.<\/li>\n<\/ul>\n\n\n\n<h3 class=\"wp-block-heading\" id=\"h-nouveautes-de-control-m-22-amp-jett\">Nouveaut\u00e9s de Control-M 22 &amp; Jett<\/h3>\n\n\n\n<ul class=\"wp-block-list\">\n<li><strong>Orchestration hybride \u00e0 grande \u00e9chelle<\/strong> \u2013 int\u00e9grez sans effort des environnements auto-h\u00e9berg\u00e9s, SaaS et multi-cloud.<\/li>\n\n\n\n<li><strong>Migration SaaS facilit\u00e9e<\/strong> \u2013 d\u00e9ploiement cloud simplifi\u00e9 pour un retour sur investissement plus rapide.<\/li>\n\n\n\n<li><strong>Jett : votre conseiller IA g\u00e9n\u00e9rative<\/strong> \u2013 acc\u00e8s instantan\u00e9 \u00e0 des informations cibl\u00e9es sur les workflows de toute l\u2019entreprise.<\/li>\n\n\n\n<li><strong>Transparence r\u00e9elle des pipelines<\/strong> \u2013 renforcez l\u2019orchestration avec des transferts de fichiers s\u00e9curis\u00e9s et bas\u00e9s sur les r\u00f4les.<\/li>\n\n\n\n<li><strong>Vue unifi\u00e9e<\/strong> \u2013 une interface web am\u00e9lior\u00e9e offrant une vision compl\u00e8te et une meilleure collaboration entre auto-h\u00e9berg\u00e9 et SaaS.<\/li>\n<\/ul>\n\n\n\n<h3 class=\"wp-block-heading\" id=\"h-pourquoi-participer\">Pourquoi participer<\/h3>\n\n\n\n<ul class=\"wp-block-list\">\n<li>D\u00e9couvrez en exclusivit\u00e9 sur place comment Control-M 22 et Jett peuvent faire passer votre automatisation au niveau sup\u00e9rieur.<\/li>\n\n\n\n<li>Repartez avec des strat\u00e9gies concr\u00e8tes pour vos processus IT.<\/li>\n\n\n\n<li>D\u00e9couvrez des bonnes pratiques imm\u00e9diatement applicables.<\/li>\n<\/ul>\n\n\n\n<p><strong>R\u00e9servez d\u00e8s maintenant votre place et participez \u00e0 fa\u00e7onner l\u2019avenir de l\u2019IT ! \ud83c\udf9f\ufe0f<\/strong>\u2728<\/p>\n\n\n\n<h2 class=\"wp-block-heading has-red-color has-text-color has-link-color wp-elements-229122d8e4129e3a9972d6c7e7ad6bdb\" id=\"h-les-inscriptions-ne-sont-plus-possibles\"><strong>Les inscriptions ne sont plus possibles.<\/strong><\/h2>\n\n\n\n            <section class=\"event-timetable-block block-with-top-bottom-smaller-margins\" id=\"\">\n            <div class=\"title-block title-block-narrow-left\">\n                \n    <h2 class=\"like-h1\">Agenda<\/h2>\n\n            <\/div>\n\n            <div class=\"timetable\">\n                                    <div class=\"timetable-row\">\n                        <p class=\"timetable-row-zeit mb_0\">08:30<\/p>\n                        <p class=\"timetable-row-titel mb_0\">Ouverture des portes, caf\u00e9 &#038; croissants<\/p>\n                    <\/div>\n                                    <div class=\"timetable-row\">\n                        <p class=\"timetable-row-zeit mb_0\">09:00<\/p>\n                        <p class=\"timetable-row-titel mb_0\">Mot de bienvenue<\/p>\n                    <\/div>\n                                    <div class=\"timetable-row\">\n                        <p class=\"timetable-row-zeit mb_0\">09:05<\/p>\n                        <p class=\"timetable-row-titel mb_0\">Control-M 22 : Innovation de nouvelle g\u00e9n\u00e9ration, Frederic Le Saux, BMC Senior Solution Engineering Manager &#038; Wojciech Zaremba, BMC Solution Architect<\/p>\n                    <\/div>\n                                    <div class=\"timetable-row\">\n                        <p class=\"timetable-row-zeit mb_0\">10:35<\/p>\n                        <p class=\"timetable-row-titel mb_0\">Pause caf\u00e9<\/p>\n                    <\/div>\n                                    <div class=\"timetable-row\">\n                        <p class=\"timetable-row-zeit mb_0\">10:55<\/p>\n                        <p class=\"timetable-row-titel mb_0\">Feuille de route, Erez Gordon, BMC Director of Product Management (en anglais)<\/p>\n                    <\/div>\n                                    <div class=\"timetable-row\">\n                        <p class=\"timetable-row-zeit mb_0\">11:40<\/p>\n                        <p class=\"timetable-row-titel mb_0\">T\u00e9moignage client : Control-M chez SIX Group<\/p>\n                    <\/div>\n                                    <div class=\"timetable-row\">\n                        <p class=\"timetable-row-zeit mb_0\">12:10<\/p>\n                        <p class=\"timetable-row-titel mb_0\">jeu-concours<\/p>\n                    <\/div>\n                                    <div class=\"timetable-row\">\n                        <p class=\"timetable-row-zeit mb_0\">12:20<\/p>\n                        <p class=\"timetable-row-titel mb_0\">D\u00e9jeuner r\u00e9seautage<\/p>\n                    <\/div>\n                            <\/div>\n        <\/section>\n    \n","protected":false},"featured_media":4419,"template":"","class_list":["post-4323","event","type-event","status-publish","has-post-thumbnail","hentry"],"acf":[],"yoast_head":"<!-- This site is optimized with the Yoast SEO Premium plugin v27.4 (Yoast SEO v27.4) - https:\/\/yoast.com\/product\/yoast-seo-premium-wordpress\/ -->\n<title>BMC Control-M Day Gen\u00e8ve - IT Concepts<\/title>\n<meta name=\"description\" content=\"Participez au 12\u1d49 S\u00e9minaire Expert Control-M \u00e0 Zurich le 26 nov. 2025. D\u00e9couvrez les nouveaut\u00e9s Control-M 22 &amp; Jett et boostez vos workflows.\" \/>\n<meta name=\"robots\" content=\"index, follow, max-snippet:-1, max-image-preview:large, max-video-preview:-1\" \/>\n<link rel=\"canonical\" href=\"https:\/\/itconcepts.ch\/fr\/event\/bmc-control-m-day-geneve\/\" \/>\n<meta property=\"og:locale\" content=\"fr_FR\" \/>\n<meta property=\"og:type\" content=\"article\" \/>\n<meta property=\"og:title\" content=\"BMC Control-M Day Gen\u00e8ve\" \/>\n<meta property=\"og:description\" content=\"Participez au 12\u1d49 S\u00e9minaire Expert Control-M \u00e0 Zurich le 26 nov. 2025. D\u00e9couvrez les nouveaut\u00e9s Control-M 22 &amp; Jett et boostez vos workflows.\" \/>\n<meta property=\"og:url\" content=\"https:\/\/itconcepts.ch\/fr\/event\/bmc-control-m-day-geneve\/\" \/>\n<meta property=\"og:site_name\" content=\"IT Concepts\" \/>\n<meta property=\"article:modified_time\" content=\"2025-11-20T12:38:57+00:00\" \/>\n<meta property=\"og:image\" content=\"https:\/\/itconcepts.ch\/wp-content\/uploads\/2025\/08\/Header-Bild-ctr-m-gva-1200x800.png\" \/>\n\t<meta property=\"og:image:width\" content=\"1200\" \/>\n\t<meta property=\"og:image:height\" content=\"800\" \/>\n\t<meta property=\"og:image:type\" content=\"image\/png\" \/>\n<meta name=\"twitter:card\" content=\"summary_large_image\" \/>\n<meta name=\"twitter:label1\" content=\"Est. reading time\" \/>\n\t<meta name=\"twitter:data1\" content=\"2 minutes\" \/>\n<script type=\"application\/ld+json\" class=\"yoast-schema-graph\">{\"@context\":\"https:\\\/\\\/schema.org\",\"@graph\":[{\"@type\":\"WebPage\",\"@id\":\"https:\\\/\\\/itconcepts.ch\\\/fr\\\/event\\\/bmc-control-m-day-geneve\\\/\",\"url\":\"https:\\\/\\\/itconcepts.ch\\\/fr\\\/event\\\/bmc-control-m-day-geneve\\\/\",\"name\":\"BMC Control-M Day Gen\u00e8ve - IT Concepts\",\"isPartOf\":{\"@id\":\"https:\\\/\\\/itconcepts.ch\\\/#website\"},\"primaryImageOfPage\":{\"@id\":\"https:\\\/\\\/itconcepts.ch\\\/fr\\\/event\\\/bmc-control-m-day-geneve\\\/#primaryimage\"},\"image\":{\"@id\":\"https:\\\/\\\/itconcepts.ch\\\/fr\\\/event\\\/bmc-control-m-day-geneve\\\/#primaryimage\"},\"thumbnailUrl\":\"https:\\\/\\\/itconcepts.ch\\\/wp-content\\\/uploads\\\/2025\\\/08\\\/Header-Bild-ctr-m-gva.png\",\"datePublished\":\"2025-08-19T13:18:02+00:00\",\"dateModified\":\"2025-11-20T12:38:57+00:00\",\"description\":\"Participez au 12\u1d49 S\u00e9minaire Expert Control-M \u00e0 Zurich le 26 nov. 2025. D\u00e9couvrez les nouveaut\u00e9s Control-M 22 & Jett et boostez vos workflows.\",\"breadcrumb\":{\"@id\":\"https:\\\/\\\/itconcepts.ch\\\/fr\\\/event\\\/bmc-control-m-day-geneve\\\/#breadcrumb\"},\"inLanguage\":\"fr-FR\",\"potentialAction\":[{\"@type\":\"ReadAction\",\"target\":[\"https:\\\/\\\/itconcepts.ch\\\/fr\\\/event\\\/bmc-control-m-day-geneve\\\/\"]}]},{\"@type\":\"ImageObject\",\"inLanguage\":\"fr-FR\",\"@id\":\"https:\\\/\\\/itconcepts.ch\\\/fr\\\/event\\\/bmc-control-m-day-geneve\\\/#primaryimage\",\"url\":\"https:\\\/\\\/itconcepts.ch\\\/wp-content\\\/uploads\\\/2025\\\/08\\\/Header-Bild-ctr-m-gva.png\",\"contentUrl\":\"https:\\\/\\\/itconcepts.ch\\\/wp-content\\\/uploads\\\/2025\\\/08\\\/Header-Bild-ctr-m-gva.png\",\"width\":1536,\"height\":1024},{\"@type\":\"BreadcrumbList\",\"@id\":\"https:\\\/\\\/itconcepts.ch\\\/fr\\\/event\\\/bmc-control-m-day-geneve\\\/#breadcrumb\",\"itemListElement\":[{\"@type\":\"ListItem\",\"position\":1,\"name\":\"Home\",\"item\":\"https:\\\/\\\/itconcepts.ch\\\/fr\\\/\"},{\"@type\":\"ListItem\",\"position\":2,\"name\":\"Events\",\"item\":\"https:\\\/\\\/itconcepts.ch\\\/event\\\/\"},{\"@type\":\"ListItem\",\"position\":3,\"name\":\"BMC Control-M Day Gen\u00e8ve\"}]},{\"@type\":\"WebSite\",\"@id\":\"https:\\\/\\\/itconcepts.ch\\\/#website\",\"url\":\"https:\\\/\\\/itconcepts.ch\\\/\",\"name\":\"IT Concepts\",\"description\":\"\",\"potentialAction\":[{\"@type\":\"SearchAction\",\"target\":{\"@type\":\"EntryPoint\",\"urlTemplate\":\"https:\\\/\\\/itconcepts.ch\\\/?s={search_term_string}\"},\"query-input\":{\"@type\":\"PropertyValueSpecification\",\"valueRequired\":true,\"valueName\":\"search_term_string\"}}],\"inLanguage\":\"fr-FR\"},{\"@type\":\"ImageObject\",\"inLanguage\":\"fr-FR\",\"@id\":\"https:\\\/\\\/itconcepts.ch\\\/fr\\\/event\\\/bmc-control-m-day-geneve\\\/#local-main-organization-logo\",\"url\":\"\",\"contentUrl\":\"\",\"caption\":\"IT Concepts\"}]}<\/script>\n<!-- \/ Yoast SEO Premium plugin. -->","yoast_head_json":{"title":"BMC Control-M Day Gen\u00e8ve - IT Concepts","description":"Participez au 12\u1d49 S\u00e9minaire Expert Control-M \u00e0 Zurich le 26 nov. 2025. D\u00e9couvrez les nouveaut\u00e9s Control-M 22 & Jett et boostez vos workflows.","robots":{"index":"index","follow":"follow","max-snippet":"max-snippet:-1","max-image-preview":"max-image-preview:large","max-video-preview":"max-video-preview:-1"},"canonical":"https:\/\/itconcepts.ch\/fr\/event\/bmc-control-m-day-geneve\/","og_locale":"fr_FR","og_type":"article","og_title":"BMC Control-M Day Gen\u00e8ve","og_description":"Participez au 12\u1d49 S\u00e9minaire Expert Control-M \u00e0 Zurich le 26 nov. 2025. D\u00e9couvrez les nouveaut\u00e9s Control-M 22 & Jett et boostez vos workflows.","og_url":"https:\/\/itconcepts.ch\/fr\/event\/bmc-control-m-day-geneve\/","og_site_name":"IT Concepts","article_modified_time":"2025-11-20T12:38:57+00:00","og_image":[{"width":1200,"height":800,"url":"https:\/\/itconcepts.ch\/wp-content\/uploads\/2025\/08\/Header-Bild-ctr-m-gva-1200x800.png","type":"image\/png"}],"twitter_card":"summary_large_image","twitter_misc":{"Est. reading time":"2 minutes"},"schema":{"@context":"https:\/\/schema.org","@graph":[{"@type":"WebPage","@id":"https:\/\/itconcepts.ch\/fr\/event\/bmc-control-m-day-geneve\/","url":"https:\/\/itconcepts.ch\/fr\/event\/bmc-control-m-day-geneve\/","name":"BMC Control-M Day Gen\u00e8ve - IT Concepts","isPartOf":{"@id":"https:\/\/itconcepts.ch\/#website"},"primaryImageOfPage":{"@id":"https:\/\/itconcepts.ch\/fr\/event\/bmc-control-m-day-geneve\/#primaryimage"},"image":{"@id":"https:\/\/itconcepts.ch\/fr\/event\/bmc-control-m-day-geneve\/#primaryimage"},"thumbnailUrl":"https:\/\/itconcepts.ch\/wp-content\/uploads\/2025\/08\/Header-Bild-ctr-m-gva.png","datePublished":"2025-08-19T13:18:02+00:00","dateModified":"2025-11-20T12:38:57+00:00","description":"Participez au 12\u1d49 S\u00e9minaire Expert Control-M \u00e0 Zurich le 26 nov. 2025. D\u00e9couvrez les nouveaut\u00e9s Control-M 22 & Jett et boostez vos workflows.","breadcrumb":{"@id":"https:\/\/itconcepts.ch\/fr\/event\/bmc-control-m-day-geneve\/#breadcrumb"},"inLanguage":"fr-FR","potentialAction":[{"@type":"ReadAction","target":["https:\/\/itconcepts.ch\/fr\/event\/bmc-control-m-day-geneve\/"]}]},{"@type":"ImageObject","inLanguage":"fr-FR","@id":"https:\/\/itconcepts.ch\/fr\/event\/bmc-control-m-day-geneve\/#primaryimage","url":"https:\/\/itconcepts.ch\/wp-content\/uploads\/2025\/08\/Header-Bild-ctr-m-gva.png","contentUrl":"https:\/\/itconcepts.ch\/wp-content\/uploads\/2025\/08\/Header-Bild-ctr-m-gva.png","width":1536,"height":1024},{"@type":"BreadcrumbList","@id":"https:\/\/itconcepts.ch\/fr\/event\/bmc-control-m-day-geneve\/#breadcrumb","itemListElement":[{"@type":"ListItem","position":1,"name":"Home","item":"https:\/\/itconcepts.ch\/fr\/"},{"@type":"ListItem","position":2,"name":"Events","item":"https:\/\/itconcepts.ch\/event\/"},{"@type":"ListItem","position":3,"name":"BMC Control-M Day Gen\u00e8ve"}]},{"@type":"WebSite","@id":"https:\/\/itconcepts.ch\/#website","url":"https:\/\/itconcepts.ch\/","name":"IT Concepts","description":"","potentialAction":[{"@type":"SearchAction","target":{"@type":"EntryPoint","urlTemplate":"https:\/\/itconcepts.ch\/?s={search_term_string}"},"query-input":{"@type":"PropertyValueSpecification","valueRequired":true,"valueName":"search_term_string"}}],"inLanguage":"fr-FR"},{"@type":"ImageObject","inLanguage":"fr-FR","@id":"https:\/\/itconcepts.ch\/fr\/event\/bmc-control-m-day-geneve\/#local-main-organization-logo","url":"","contentUrl":"","caption":"IT Concepts"}]}},"_links":{"self":[{"href":"https:\/\/itconcepts.ch\/fr\/wp-json\/wp\/v2\/event\/4323","targetHints":{"allow":["GET"]}}],"collection":[{"href":"https:\/\/itconcepts.ch\/fr\/wp-json\/wp\/v2\/event"}],"about":[{"href":"https:\/\/itconcepts.ch\/fr\/wp-json\/wp\/v2\/types\/event"}],"wp:featuredmedia":[{"embeddable":true,"href":"https:\/\/itconcepts.ch\/fr\/wp-json\/wp\/v2\/media\/4419"}],"wp:attachment":[{"href":"https:\/\/itconcepts.ch\/fr\/wp-json\/wp\/v2\/media?parent=4323"}],"curies":[{"name":"wp","href":"https:\/\/api.w.org\/{rel}","templated":true}]}}